{"id":73,"date":"2018-12-07T11:01:25","date_gmt":"2018-12-07T10:01:25","guid":{"rendered":"http:\/\/www.ruhl-charpente.fr\/?page_id=73"},"modified":"2024-01-31T14:19:00","modified_gmt":"2024-01-31T13:19:00","slug":"isolation","status":"publish","type":"page","link":"https:\/\/www.ruhl-charpente.fr\/?page_id=73","title":{"rendered":"Isolation"},"content":{"rendered":"\n<h1 class=\"wp-block-heading\">Isolation<\/h1>\n\n\n\n<div class=\"wp-block-group is-layout-constrained wp-block-group-is-layout-constrained\"><div class=\"wp-block-group__inner-container\">\n<div class=\"wp-block-columns is-layout-flex wp-container-core-columns-layout-1 wp-block-columns-is-layout-flex\">\n<div class=\"wp-block-column is-layout-flow wp-block-column-is-layout-flow\" style=\"flex-basis:100%\">\n<p class=\"has-text-align-left\">Les bouleversements que conna\u00eet notre climat, nous imposent de prendre des mesure afin de r\u00e9duire notre empreinte environnementale. L\u2019\u00e9nergie consomm\u00e9e par les b\u00e2timents en France, repr\u00e9sente 44\u00a0% de la consommation d\u2019\u00e9nergie globale (source\u00a0: <a href=\"https:\/\/www.ademe.fr\/les-defis-de-la-transition\/batiments\/\">https:\/\/www.ademe.fr\/les-defis-de-la-transition\/batiments\/<\/a>) C\u2019est pourquoi l\u2019isolation est un enjeu majeur pour r\u00e9duire les consommations d\u2019\u00e9nergie li\u00e9es au chauffage et \u00e0 la climatisation. <\/p>\n\n\n\n<p>Cependant, dans la r\u00e9novation, la mise en place d\u2019une isolation performante et efficiente est un d\u00e9fi technique important et ne s\u2019improvise pas. En effet chaque projet doit \u00eatre appr\u00e9hend\u00e9 dans sa globalit\u00e9, pour ne pas cr\u00e9er de d\u00e9sordre. Dans le b\u00e2ti ancien, l\u2019humidit\u00e9 repr\u00e9sente un probl\u00e8me r\u00e9current, et c\u2019est pourquoi le choix des mat\u00e9riaux et la mise en \u0153uvre doivent \u00eatre r\u00e9alis\u00e9s de fa\u00e7on soign\u00e9e. Par ailleurs lors de r\u00e9novations thermiques globales, la ventilation, et les menuiseries doivent \u00eatre \u00e9tudi\u00e9s parall\u00e8lement afin de s\u2019assurer d\u2019une atmosph\u00e8re saine dans le b\u00e2ti ainsi que d\u2019une meilleure efficience de l\u2019isolation.<\/p>\n<\/div>\n<\/div>\n\n\n\n<h1 class=\"wp-block-heading\">Membranes d\u2019\u00e9tanch\u00e9it\u00e9 \u00e0 l\u2019eau et \u00e0 l\u2019air.<\/h1>\n\n\n\n<p>Il existe une multitude de membranes aux caract\u00e9ristiques et aux prix diff\u00e9rents. Elles ne sont cependant pas toutes adapt\u00e9es. Dans les cas les plus complexes, je me fie aux bureaux d\u2019\u00e9tudes des fabricants de membrane, afin de choisir le produit le plus adapt\u00e9, en suivant les recommandations du fabricant. De fa\u00e7on g\u00e9n\u00e9rale, je ne travaille qu\u2019avec des freins-vapeur hygrovariables, et des pare-pluie hpv (hautement perm\u00e9ables \u00e0 la vapeur d\u2019eau) qui permettent de s\u00e9curiser le complexe isolant, afin d\u2019emp\u00eacher l\u2019accumulation d\u2019eau dans ce dernier. Je travaille essentiellement avec la marque <a href=\"https:\/\/fr.proclima.com\/\">PROCLIMA<\/a> pour les freins-vapeurs et membranes sp\u00e9cifiques, ainsi qu\u2019avec <a href=\"https:\/\/www.doerken.com\/fr\/fr\/start\">DOERKEN<\/a> et <a href=\"https:\/\/www.rothoblaas.fr\/\">ROTHOBLAAS<\/a> pour les pare-pluie.<\/p>\n\n\n\n<h1 class=\"wp-block-heading\">Mat\u00e9riau isolant.<\/h1>\n\n\n\n<p>Le choix du mat\u00e9riau isolant est important pour ses caract\u00e9ristiques techniques, mais aussi pour son empreinte environnementale. C\u2019est pourquoi, je fais le choix de ne travailler qu\u2019avec des mat\u00e9riaux biosourc\u00e9s et de la ouate de cellulose qui poss\u00e8de une empreinte environnementale faible car issue du recyclage. Les mat\u00e9riaux d\u2019isolation min\u00e9raux (laine de roche, laine de verre,\u2026) et synth\u00e9tiques (polyur\u00e9thane, polysty\u00e8nes etc.) pr\u00e9sentent des caract\u00e9ristiques techniques peu int\u00e9ressantes dans la majorit\u00e9 des cas, et une empreinte environnementale tr\u00e8s \u00e9lev\u00e9e. C\u2019est pourquoi, je fais le choix de ne les utiliser que lorsque aucun autre mat\u00e9riaux ne peut assurer une isolation p\u00e9renne (isolation des fondations par exemple).<\/p>\n\n\n\n<p>J\u2019ai l\u2019habitude de travailler avec de la laine de bois et de la ouate de cellulose, mais je suis aussi en mesure d\u2019utiliser d\u2019autres mat\u00e9riaux tels que la paille, le chanvre le lin etc.<\/p>\n\n\n\n<h1 class=\"wp-block-heading\">Qualifications certifications et formations<\/h1>\n\n\n\n<p>Je poss\u00e8de la certification RGE qui vous ouvre le droit aux diff\u00e9rentes aides financi\u00e8res. Je poss\u00e8de par ailleurs la qualification PROPAILLE qui me permet d\u2019utiliser la paille comme mat\u00e9riau d\u2019isolation dans le cadre de travaux assur\u00e9s au m\u00eame titre que les autres mat\u00e9riaux isolants sous avis technique.<\/p>\n\n\n\n<p>Je me m\u2019informe par ailleurs en continu sur les \u00e9volutions des mat\u00e9riaux, des normes et des aides financi\u00e8res, afin de trouver les solutions les mieux adapt\u00e9es \u00e0 chaque situation.<\/p>\n\n\n\n<p><\/p>\n\n\n\n<p><\/p>\n<\/div><\/div>\n\n\n\n<div class=\"wp-block-group is-nowrap is-layout-flex wp-container-core-group-layout-3 wp-block-group-is-layout-flex\">\n<div class=\"wp-block-group is-nowrap is-layout-flex wp-container-core-group-layout-2 wp-block-group-is-layout-flex\"><\/div>\n<\/div>\n\n\n\n<style id=\"bwg-style-0\">    #bwg_container1_0 #bwg_container2_0 .bwg-container-0.bwg-standard-thumbnails {      width: 1254px;              justify-content: center;        margin:0 auto !important;              background-color: rgba(255, 255, 255, 0.00);            padding-left: 4px;      padding-top: 4px;      max-width: 100%;            }        #bwg_container1_0 #bwg_container2_0 .bwg-container-0.bwg-standard-thumbnails .bwg-item {    justify-content: flex-start;      max-width: 250px;          }    #bwg_container1_0 #bwg_container2_0 .bwg-container-0.bwg-standard-thumbnails .bwg-item a {       margin-right: 4px;       margin-bottom: 4px;    }    #bwg_container1_0 #bwg_container2_0 .bwg-container-0.bwg-standard-thumbnails .bwg-item0 {      padding: 0px;            background-color:rgba(0,0,0, 0.30);      border: 0px none #CCCCCC;      opacity: 1.00;      border-radius: 0;      box-shadow: ;    }    #bwg_container1_0 #bwg_container2_0 .bwg-container-0.bwg-standard-thumbnails .bwg-item1 img {      max-height: none;      max-width: none;      padding: 0 !important;    }         @media only screen and (min-width: 480px) {\t\t#bwg_container1_0 #bwg_container2_0 .bwg-container-0.bwg-standard-thumbnails .bwg-item1 img {\t\t\t-webkit-transition: all .3s; transition: all .3s;\t\t}\t\t#bwg_container1_0 #bwg_container2_0 .bwg-container-0.bwg-standard-thumbnails .bwg-item1 img:hover {\t\t\t-ms-transform: scale(1.08);\t\t\t-webkit-transform: scale(1.08);\t\t\ttransform: scale(1.08);\t\t}\t\t\t\t.bwg-standard-thumbnails .bwg-zoom-effect .bwg-zoom-effect-overlay {\t\t\t\t\t\tbackground-color:rgba(0,0,0, 0.3);\t\t}\t\t.bwg-standard-thumbnails .bwg-zoom-effect:hover img {\t\t\t-ms-transform: scale(1.08);\t\t\t-webkit-transform: scale(1.08);\t\t\ttransform: scale(1.08);\t\t}\t\t      }\t    #bwg_container1_0 #bwg_container2_0 .bwg-container-0.bwg-standard-thumbnails .bwg-item1 {      padding-top: 56%;    }        #bwg_container1_0 #bwg_container2_0 .bwg-container-0.bwg-standard-thumbnails .bwg-title1 {      position: absolute;      top: 0;      z-index: 100;      width: 100%;      height: 100%;      display: flex;      justify-content: center;      align-content: center;      flex-direction: column;      opacity: 0;    }\t      #bwg_container1_0 #bwg_container2_0 .bwg-container-0.bwg-standard-thumbnails .bwg-title2,    #bwg_container1_0 #bwg_container2_0 .bwg-container-0.bwg-standard-thumbnails .bwg-ecommerce2 {      color: #FFFFFF;      font-family: Ubuntu;      font-size: 16px;      font-weight: bold;      padding: 2px;      text-shadow: ;      max-height: 100%;    }    #bwg_container1_0 #bwg_container2_0 .bwg-container-0.bwg-standard-thumbnails .bwg-thumb-description span {    color: #323A45;    font-family: Ubuntu;    font-size: 12px;    max-height: 100%;    word-wrap: break-word;    }    #bwg_container1_0 #bwg_container2_0 .bwg-container-0.bwg-standard-thumbnails .bwg-play-icon2 {      font-size: 32px;    }    #bwg_container1_0 #bwg_container2_0 .bwg-container-0.bwg-standard-thumbnails .bwg-ecommerce2 {      font-size: 19.2px;      color: #323A45;    }    <\/style>    <div id=\"bwg_container1_0\"         class=\"bwg_container bwg_thumbnail bwg_thumbnails \"         data-right-click-protection=\"0\"         data-bwg=\"0\"         data-scroll=\"0\"         data-gallery-type=\"thumbnails\"         data-gallery-view-type=\"thumbnails\"         data-current-url=\"\/index.php?rest_route=%2Fwp%2Fv2%2Fpages%2F73\"         data-lightbox-url=\"https:\/\/www.ruhl-charpente.fr\/wp-admin\/admin-ajax.php?action=GalleryBox&#038;current_view=0&#038;gallery_id=4&#038;tag=0&#038;theme_id=1&#038;shortcode_id=13&#038;sort_by=order&#038;order_by=asc&#038;current_url=%2Findex.php%3Frest_route%3D%252Fwp%252Fv2%252Fpages%252F73\"         data-gallery-id=\"4\"         data-popup-width=\"800\"         data-popup-height=\"500\"         data-is-album=\"gallery\"         data-buttons-position=\"bottom\">      <div id=\"bwg_container2_0\">             <div id=\"ajax_loading_0\" class=\"bwg_loading_div_1\">      <div class=\"bwg_loading_div_2\">        <div class=\"bwg_loading_div_3\">          <div id=\"loading_div_0\" class=\"bwg_spider_ajax_loading\">          <\/div>        <\/div>      <\/div>    <\/div>            <form id=\"gal_front_form_0\"              class=\"bwg-hidden\"              method=\"post\"              action=\"#\"              data-current=\"0\"              data-shortcode-id=\"13\"              data-gallery-type=\"thumbnails\"              data-gallery-id=\"4\"              data-tag=\"0\"              data-album-id=\"0\"              data-theme-id=\"1\"              data-ajax-url=\"https:\/\/www.ruhl-charpente.fr\/wp-admin\/admin-ajax.php?action=bwg_frontend_data\">          <div id=\"bwg_container3_0\" class=\"bwg-background bwg-background-0\">                <div data-max-count=\"5\"         data-thumbnail-width=\"250\"         data-bwg=\"0\"         data-gallery-id=\"4\"         data-lightbox-url=\"https:\/\/www.ruhl-charpente.fr\/wp-admin\/admin-ajax.php?action=GalleryBox&amp;current_view=0&amp;gallery_id=4&amp;tag=0&amp;theme_id=1&amp;shortcode_id=13&amp;sort_by=order&amp;order_by=asc&amp;current_url=%2Findex.php%3Frest_route%3D%252Fwp%252Fv2%252Fpages%252F73\"         id=\"bwg_thumbnails_0\"         class=\"bwg-container-0 bwg-thumbnails bwg-standard-thumbnails bwg-container bwg-border-box\">            <div class=\"bwg-item\">        <a class=\"bwg-a  bwg_lightbox\"  data-image-id=\"73\" href=\"https:\/\/www.ruhl-charpente.fr\/wp-content\/uploads\/photo-gallery\/Avant-isolation-thermique-exterieure.jpg?bwg=1759483091\" data-elementor-open-lightbox=\"no\">                <div class=\"bwg-item0 \">          <div class=\"bwg-item1 bwg-zoom-effect\">            <div class=\"bwg-item2\">              <img decoding=\"async\" class=\"skip-lazy bwg_standart_thumb_img_0 \"                   data-id=\"73\"                   data-width=\"500.00\"                   data-height=\"375.00\"                   data-src=\"https:\/\/www.ruhl-charpente.fr\/wp-content\/uploads\/photo-gallery\/thumb\/Avant-isolation-thermique-exterieure.jpg?bwg=1759483091\"                   src=\"https:\/\/www.ruhl-charpente.fr\/wp-content\/uploads\/photo-gallery\/thumb\/Avant-isolation-thermique-exterieure.jpg?bwg=1759483091\"                   alt=\"Avant-isolation-thermique-exterieure\"                   title=\"Avant-isolation-thermique-exterieure\" \/>            <\/div>            <div class=\"bwg-zoom-effect-overlay\">              <div class=\"bwg-title1\"><div class=\"bwg-title2\">Avant-isolation-thermique-exterieure<\/div><\/div>                                        <\/div>          <\/div>        <\/div>                        <\/a>              <\/div>            <div class=\"bwg-item\">        <a class=\"bwg-a  bwg_lightbox\"  data-image-id=\"77\" href=\"https:\/\/www.ruhl-charpente.fr\/wp-content\/uploads\/photo-gallery\/ITE.jpg?bwg=1759483091\" data-elementor-open-lightbox=\"no\">                <div class=\"bwg-item0 \">          <div class=\"bwg-item1 bwg-zoom-effect\">            <div class=\"bwg-item2\">              <img decoding=\"async\" class=\"skip-lazy bwg_standart_thumb_img_0 \"                   data-id=\"77\"                   data-width=\"500.00\"                   data-height=\"375.00\"                   data-src=\"https:\/\/www.ruhl-charpente.fr\/wp-content\/uploads\/photo-gallery\/thumb\/ITE.jpg?bwg=1759483091\"                   src=\"https:\/\/www.ruhl-charpente.fr\/wp-content\/uploads\/photo-gallery\/thumb\/ITE.jpg?bwg=1759483091\"                   alt=\"ITE\"                   title=\"ITE\" \/>            <\/div>            <div class=\"bwg-zoom-effect-overlay\">              <div class=\"bwg-title1\"><div class=\"bwg-title2\">ITE<\/div><\/div>                                        <\/div>          <\/div>        <\/div>                        <\/a>              <\/div>            <div class=\"bwg-item\">        <a class=\"bwg-a  bwg_lightbox\"  data-image-id=\"72\" href=\"https:\/\/www.ruhl-charpente.fr\/wp-content\/uploads\/photo-gallery\/Hors-deau-de-lITE.jpg?bwg=1759483091\" data-elementor-open-lightbox=\"no\">                <div class=\"bwg-item0 \">          <div class=\"bwg-item1 bwg-zoom-effect\">            <div class=\"bwg-item2\">              <img decoding=\"async\" class=\"skip-lazy bwg_standart_thumb_img_0 \"                   data-id=\"72\"                   data-width=\"500.00\"                   data-height=\"375.00\"                   data-src=\"https:\/\/www.ruhl-charpente.fr\/wp-content\/uploads\/photo-gallery\/thumb\/Hors-deau-de-lITE.jpg?bwg=1759483091\"                   src=\"https:\/\/www.ruhl-charpente.fr\/wp-content\/uploads\/photo-gallery\/thumb\/Hors-deau-de-lITE.jpg?bwg=1759483091\"                   alt=\"Hors-deau-de-lITE\"                   title=\"Hors-deau-de-lITE\" \/>            <\/div>            <div class=\"bwg-zoom-effect-overlay\">              <div class=\"bwg-title1\"><div class=\"bwg-title2\">Hors-deau-de-lITE<\/div><\/div>                                        <\/div>          <\/div>        <\/div>                        <\/a>              <\/div>            <div class=\"bwg-item\">        <a class=\"bwg-a  bwg_lightbox\"  data-image-id=\"78\" href=\"https:\/\/www.ruhl-charpente.fr\/wp-content\/uploads\/photo-gallery\/Ventilation-ITE.jpg?bwg=1759483091\" data-elementor-open-lightbox=\"no\">                <div class=\"bwg-item0 \">          <div class=\"bwg-item1 bwg-zoom-effect\">            <div class=\"bwg-item2\">              <img decoding=\"async\" class=\"skip-lazy bwg_standart_thumb_img_0 \"                   data-id=\"78\"                   data-width=\"500.00\"                   data-height=\"375.00\"                   data-src=\"https:\/\/www.ruhl-charpente.fr\/wp-content\/uploads\/photo-gallery\/thumb\/Ventilation-ITE.jpg?bwg=1759483091\"                   src=\"https:\/\/www.ruhl-charpente.fr\/wp-content\/uploads\/photo-gallery\/thumb\/Ventilation-ITE.jpg?bwg=1759483091\"                   alt=\"Ventilation-ITE\"                   title=\"Ventilation-ITE\" \/>            <\/div>            <div class=\"bwg-zoom-effect-overlay\">              <div class=\"bwg-title1\"><div class=\"bwg-title2\">Ventilation-ITE<\/div><\/div>                                        <\/div>          <\/div>        <\/div>                        <\/a>              <\/div>            <div class=\"bwg-item\">        <a class=\"bwg-a  bwg_lightbox\"  data-image-id=\"75\" href=\"https:\/\/www.ruhl-charpente.fr\/wp-content\/uploads\/photo-gallery\/Bardage-planche-douglas-brut.jpg?bwg=1759483091\" data-elementor-open-lightbox=\"no\">                <div class=\"bwg-item0 \">          <div class=\"bwg-item1 bwg-zoom-effect\">            <div class=\"bwg-item2\">              <img decoding=\"async\" class=\"skip-lazy bwg_standart_thumb_img_0 \"                   data-id=\"75\"                   data-width=\"500.00\"                   data-height=\"375.00\"                   data-src=\"https:\/\/www.ruhl-charpente.fr\/wp-content\/uploads\/photo-gallery\/thumb\/Bardage-planche-douglas-brut.jpg?bwg=1759483091\"                   src=\"https:\/\/www.ruhl-charpente.fr\/wp-content\/uploads\/photo-gallery\/thumb\/Bardage-planche-douglas-brut.jpg?bwg=1759483091\"                   alt=\"Bardage-planche-douglas-brut\"                   title=\"Bardage-planche-douglas-brut\" \/>            <\/div>            <div class=\"bwg-zoom-effect-overlay\">              <div class=\"bwg-title1\"><div class=\"bwg-title2\">Bardage-planche-douglas-brut<\/div><\/div>                                        <\/div>          <\/div>        <\/div>                        <\/a>              <\/div>            <div class=\"bwg-item\">        <a class=\"bwg-a  bwg_lightbox\"  data-image-id=\"74\" href=\"https:\/\/www.ruhl-charpente.fr\/wp-content\/uploads\/photo-gallery\/Appui-fenetre-et-finition.jpg?bwg=1759483091\" data-elementor-open-lightbox=\"no\">                <div class=\"bwg-item0 \">          <div class=\"bwg-item1 bwg-zoom-effect\">            <div class=\"bwg-item2\">              <img decoding=\"async\" class=\"skip-lazy bwg_standart_thumb_img_0 \"                   data-id=\"74\"                   data-width=\"500.00\"                   data-height=\"375.00\"                   data-src=\"https:\/\/www.ruhl-charpente.fr\/wp-content\/uploads\/photo-gallery\/thumb\/Appui-fenetre-et-finition.jpg?bwg=1759483091\"                   src=\"https:\/\/www.ruhl-charpente.fr\/wp-content\/uploads\/photo-gallery\/thumb\/Appui-fenetre-et-finition.jpg?bwg=1759483091\"                   alt=\"Appui-fenetre-et-finition\"                   title=\"Appui-fenetre-et-finition\" \/>            <\/div>            <div class=\"bwg-zoom-effect-overlay\">              <div class=\"bwg-title1\"><div class=\"bwg-title2\">Appui-fenetre-et-finition<\/div><\/div>                                        <\/div>          <\/div>        <\/div>                        <\/a>              <\/div>            <div class=\"bwg-item\">        <a class=\"bwg-a  bwg_lightbox\"  data-image-id=\"57\" href=\"https:\/\/www.ruhl-charpente.fr\/wp-content\/uploads\/photo-gallery\/imported_from_media_libray\/20221111_105150.jpg?bwg=1673270704\" data-elementor-open-lightbox=\"no\">                <div class=\"bwg-item0 \">          <div class=\"bwg-item1 bwg-zoom-effect\">            <div class=\"bwg-item2\">              <img decoding=\"async\" class=\"skip-lazy bwg_standart_thumb_img_0 \"                   data-id=\"57\"                   data-width=\"500\"                   data-height=\"375\"                   data-src=\"https:\/\/www.ruhl-charpente.fr\/wp-content\/uploads\/photo-gallery\/imported_from_media_libray\/thumb\/20221111_105150.jpg?bwg=1673270704\"                   src=\"https:\/\/www.ruhl-charpente.fr\/wp-content\/uploads\/photo-gallery\/imported_from_media_libray\/thumb\/20221111_105150.jpg?bwg=1673270704\"                   alt=\"Pose du frein vapeur sur comble perdu. Proclima Intello+\"                   title=\"Pose du frein vapeur sur comble perdu. Proclima Intello+\" \/>            <\/div>            <div class=\"bwg-zoom-effect-overlay\">              <div class=\"bwg-title1\"><div class=\"bwg-title2\">Pose du frein vapeur sur comble perdu. Proclima Intello+<\/div><\/div>                                        <\/div>          <\/div>        <\/div>                        <\/a>              <\/div>            <div class=\"bwg-item\">        <a class=\"bwg-a  bwg_lightbox\"  data-image-id=\"58\" href=\"https:\/\/www.ruhl-charpente.fr\/wp-content\/uploads\/photo-gallery\/imported_from_media_libray\/20221116_134246.jpg?bwg=1673270704\" data-elementor-open-lightbox=\"no\">                <div class=\"bwg-item0 \">          <div class=\"bwg-item1 bwg-zoom-effect\">            <div class=\"bwg-item2\">              <img decoding=\"async\" class=\"skip-lazy bwg_standart_thumb_img_0 \"                   data-id=\"58\"                   data-width=\"500\"                   data-height=\"375\"                   data-src=\"https:\/\/www.ruhl-charpente.fr\/wp-content\/uploads\/photo-gallery\/imported_from_media_libray\/thumb\/20221116_134246.jpg?bwg=1673270704\"                   src=\"https:\/\/www.ruhl-charpente.fr\/wp-content\/uploads\/photo-gallery\/imported_from_media_libray\/thumb\/20221116_134246.jpg?bwg=1673270704\"                   alt=\"Ouate de cellulose Soprema Univercell+\"                   title=\"Ouate de cellulose Soprema Univercell+\" \/>            <\/div>            <div class=\"bwg-zoom-effect-overlay\">              <div class=\"bwg-title1\"><div class=\"bwg-title2\">Ouate de cellulose Soprema Univercell+<\/div><\/div>                                        <\/div>          <\/div>        <\/div>                        <\/a>              <\/div>            <div class=\"bwg-item\">        <a class=\"bwg-a  bwg_lightbox\"  data-image-id=\"59\" href=\"https:\/\/www.ruhl-charpente.fr\/wp-content\/uploads\/photo-gallery\/imported_from_media_libray\/20221121_131914.jpg?bwg=1673270704\" data-elementor-open-lightbox=\"no\">                <div class=\"bwg-item0 \">          <div class=\"bwg-item1 bwg-zoom-effect\">            <div class=\"bwg-item2\">              <img decoding=\"async\" class=\"skip-lazy bwg_standart_thumb_img_0 \"                   data-id=\"59\"                   data-width=\"500\"                   data-height=\"375\"                   data-src=\"https:\/\/www.ruhl-charpente.fr\/wp-content\/uploads\/photo-gallery\/imported_from_media_libray\/thumb\/20221121_131914.jpg?bwg=1673270704\"                   src=\"https:\/\/www.ruhl-charpente.fr\/wp-content\/uploads\/photo-gallery\/imported_from_media_libray\/thumb\/20221121_131914.jpg?bwg=1673270704\"                   alt=\"Fibre de bois Steico steicoflex 036\"                   title=\"Fibre de bois Steico steicoflex 036\" \/>            <\/div>            <div class=\"bwg-zoom-effect-overlay\">              <div class=\"bwg-title1\"><div class=\"bwg-title2\">Fibre de bois Steico steicoflex 036<\/div><\/div>                                        <\/div>          <\/div>        <\/div>                        <\/a>              <\/div>            <div class=\"bwg-item\">        <a class=\"bwg-a  bwg_lightbox\"  data-image-id=\"60\" href=\"https:\/\/www.ruhl-charpente.fr\/wp-content\/uploads\/photo-gallery\/imported_from_media_libray\/20221122_135710.jpg?bwg=1673270704\" data-elementor-open-lightbox=\"no\">                <div class=\"bwg-item0 \">          <div class=\"bwg-item1 bwg-zoom-effect\">            <div class=\"bwg-item2\">              <img decoding=\"async\" class=\"skip-lazy bwg_standart_thumb_img_0 \"                   data-id=\"60\"                   data-width=\"500\"                   data-height=\"375\"                   data-src=\"https:\/\/www.ruhl-charpente.fr\/wp-content\/uploads\/photo-gallery\/imported_from_media_libray\/thumb\/20221122_135710.jpg?bwg=1673270704\"                   src=\"https:\/\/www.ruhl-charpente.fr\/wp-content\/uploads\/photo-gallery\/imported_from_media_libray\/thumb\/20221122_135710.jpg?bwg=1673270704\"                   alt=\"Pose d&#039;un plancher en douglas brut de sciage sur isolation de comble perdu\"                   title=\"Pose d&#039;un plancher en douglas brut de sciage sur isolation de comble perdu\" \/>            <\/div>            <div class=\"bwg-zoom-effect-overlay\">              <div class=\"bwg-title1\"><div class=\"bwg-title2\">Pose d'un plancher en douglas brut de sciage sur isolation de comble perdu<\/div><\/div>                                        <\/div>          <\/div>        <\/div>                        <\/a>              <\/div>            <div class=\"bwg-item\">        <a class=\"bwg-a  bwg_lightbox\"  data-image-id=\"53\" href=\"https:\/\/www.ruhl-charpente.fr\/wp-content\/uploads\/photo-gallery\/imported_from_media_libray\/20200715_094521.jpg?bwg=1673270319\" data-elementor-open-lightbox=\"no\">                <div class=\"bwg-item0 \">          <div class=\"bwg-item1 bwg-zoom-effect\">            <div class=\"bwg-item2\">              <img decoding=\"async\" class=\"skip-lazy bwg_standart_thumb_img_0 \"                   data-id=\"53\"                   data-width=\"500\"                   data-height=\"375\"                   data-src=\"https:\/\/www.ruhl-charpente.fr\/wp-content\/uploads\/photo-gallery\/imported_from_media_libray\/thumb\/20200715_094521.jpg?bwg=1673270319\"                   src=\"https:\/\/www.ruhl-charpente.fr\/wp-content\/uploads\/photo-gallery\/imported_from_media_libray\/thumb\/20200715_094521.jpg?bwg=1673270319\"                   alt=\"Abaissement du plafond pour isolation de comble perdu\"                   title=\"Abaissement du plafond pour isolation de comble perdu\" \/>            <\/div>            <div class=\"bwg-zoom-effect-overlay\">              <div class=\"bwg-title1\"><div class=\"bwg-title2\">Abaissement du plafond pour isolation de comble perdu<\/div><\/div>                                        <\/div>          <\/div>        <\/div>                        <\/a>              <\/div>            <div class=\"bwg-item\">        <a class=\"bwg-a  bwg_lightbox\"  data-image-id=\"54\" href=\"https:\/\/www.ruhl-charpente.fr\/wp-content\/uploads\/photo-gallery\/imported_from_media_libray\/20210615_165315.jpg?bwg=1673270319\" data-elementor-open-lightbox=\"no\">                <div class=\"bwg-item0 \">          <div class=\"bwg-item1 bwg-zoom-effect\">            <div class=\"bwg-item2\">              <img decoding=\"async\" class=\"skip-lazy bwg_standart_thumb_img_0 \"                   data-id=\"54\"                   data-width=\"500\"                   data-height=\"375\"                   data-src=\"https:\/\/www.ruhl-charpente.fr\/wp-content\/uploads\/photo-gallery\/imported_from_media_libray\/thumb\/20210615_165315.jpg?bwg=1673270319\"                   src=\"https:\/\/www.ruhl-charpente.fr\/wp-content\/uploads\/photo-gallery\/imported_from_media_libray\/thumb\/20210615_165315.jpg?bwg=1673270319\"                   alt=\"Fibre de bois Steico steicoflex036 pos\u00e9 en plafond\"                   title=\"Fibre de bois Steico steicoflex036 pos\u00e9 en plafond\" \/>            <\/div>            <div class=\"bwg-zoom-effect-overlay\">              <div class=\"bwg-title1\"><div class=\"bwg-title2\">Fibre de bois Steico steicoflex036 pos\u00e9 en plafond<\/div><\/div>                                        <\/div>          <\/div>        <\/div>                        <\/a>              <\/div>            <div class=\"bwg-item\">        <a class=\"bwg-a  bwg_lightbox\"  data-image-id=\"55\" href=\"https:\/\/www.ruhl-charpente.fr\/wp-content\/uploads\/photo-gallery\/imported_from_media_libray\/20210624_135456.jpg?bwg=1673270319\" data-elementor-open-lightbox=\"no\">                <div class=\"bwg-item0 \">          <div class=\"bwg-item1 bwg-zoom-effect\">            <div class=\"bwg-item2\">              <img decoding=\"async\" class=\"skip-lazy bwg_standart_thumb_img_0 \"                   data-id=\"55\"                   data-width=\"500\"                   data-height=\"375\"                   data-src=\"https:\/\/www.ruhl-charpente.fr\/wp-content\/uploads\/photo-gallery\/imported_from_media_libray\/thumb\/20210624_135456.jpg?bwg=1673270319\"                   src=\"https:\/\/www.ruhl-charpente.fr\/wp-content\/uploads\/photo-gallery\/imported_from_media_libray\/thumb\/20210624_135456.jpg?bwg=1673270319\"                   alt=\"Plancher de comble perdu, en douglas brut de sciage\"                   title=\"Plancher de comble perdu, en douglas brut de sciage\" \/>            <\/div>            <div class=\"bwg-zoom-effect-overlay\">              <div class=\"bwg-title1\"><div class=\"bwg-title2\">Plancher de comble perdu, en douglas brut de sciage<\/div><\/div>                                        <\/div>          <\/div>        <\/div>                        <\/a>              <\/div>            <div class=\"bwg-item\">        <a class=\"bwg-a  bwg_lightbox\"  data-image-id=\"56\" href=\"https:\/\/www.ruhl-charpente.fr\/wp-content\/uploads\/photo-gallery\/imported_from_media_libray\/20210625_155001.jpg?bwg=1673270319\" data-elementor-open-lightbox=\"no\">                <div class=\"bwg-item0 \">          <div class=\"bwg-item1 bwg-zoom-effect\">            <div class=\"bwg-item2\">              <img decoding=\"async\" class=\"skip-lazy bwg_standart_thumb_img_0 \"                   data-id=\"56\"                   data-width=\"500\"                   data-height=\"375\"                   data-src=\"https:\/\/www.ruhl-charpente.fr\/wp-content\/uploads\/photo-gallery\/imported_from_media_libray\/thumb\/20210625_155001.jpg?bwg=1673270319\"                   src=\"https:\/\/www.ruhl-charpente.fr\/wp-content\/uploads\/photo-gallery\/imported_from_media_libray\/thumb\/20210625_155001.jpg?bwg=1673270319\"                   alt=\"Frein vapeur hygrovariable Proclima Intello+\"                   title=\"Frein vapeur hygrovariable Proclima Intello+\" \/>            <\/div>            <div class=\"bwg-zoom-effect-overlay\">              <div class=\"bwg-title1\"><div class=\"bwg-title2\">Frein vapeur hygrovariable Proclima Intello+<\/div><\/div>                                        <\/div>          <\/div>        <\/div>                        <\/a>              <\/div>            <div class=\"bwg-item\">        <a class=\"bwg-a  bwg_lightbox\"  data-image-id=\"52\" href=\"https:\/\/www.ruhl-charpente.fr\/wp-content\/uploads\/photo-gallery\/imported_from_media_libray\/sarking-laine-de-bois.jpg?bwg=1673264447\" data-elementor-open-lightbox=\"no\">                <div class=\"bwg-item0 \">          <div class=\"bwg-item1 bwg-zoom-effect\">            <div class=\"bwg-item2\">              <img decoding=\"async\" class=\"skip-lazy bwg_standart_thumb_img_0 \"                   data-id=\"52\"                   data-width=\"500\"                   data-height=\"375\"                   data-src=\"https:\/\/www.ruhl-charpente.fr\/wp-content\/uploads\/photo-gallery\/imported_from_media_libray\/thumb\/sarking-laine-de-bois.jpg?bwg=1673264447\"                   src=\"https:\/\/www.ruhl-charpente.fr\/wp-content\/uploads\/photo-gallery\/imported_from_media_libray\/thumb\/sarking-laine-de-bois.jpg?bwg=1673264447\"                   alt=\"Sarking en fibre de bois dense\"                   title=\"Sarking en fibre de bois dense\" \/>            <\/div>            <div class=\"bwg-zoom-effect-overlay\">              <div class=\"bwg-title1\"><div class=\"bwg-title2\">Sarking en fibre de bois dense<\/div><\/div>                                        <\/div>          <\/div>        <\/div>                        <\/a>              <\/div>            <div class=\"bwg-item\">        <a class=\"bwg-a  bwg_lightbox\"  data-image-id=\"51\" href=\"https:\/\/www.ruhl-charpente.fr\/wp-content\/uploads\/photo-gallery\/imported_from_media_libray\/isol-cp-3.jpg?bwg=1673264447\" data-elementor-open-lightbox=\"no\">                <div class=\"bwg-item0 \">          <div class=\"bwg-item1 bwg-zoom-effect\">            <div class=\"bwg-item2\">              <img decoding=\"async\" class=\"skip-lazy bwg_standart_thumb_img_0 \"                   data-id=\"51\"                   data-width=\"500\"                   data-height=\"375\"                   data-src=\"https:\/\/www.ruhl-charpente.fr\/wp-content\/uploads\/photo-gallery\/imported_from_media_libray\/thumb\/isol-cp-3.jpg?bwg=1673264447\"                   src=\"https:\/\/www.ruhl-charpente.fr\/wp-content\/uploads\/photo-gallery\/imported_from_media_libray\/thumb\/isol-cp-3.jpg?bwg=1673264447\"                   alt=\"\u00c9pandage (soufflage) ouate de cellulose\"                   title=\"\u00c9pandage (soufflage) ouate de cellulose\" \/>            <\/div>            <div class=\"bwg-zoom-effect-overlay\">              <div class=\"bwg-title1\"><div class=\"bwg-title2\">\u00c9pandage (soufflage) ouate de cellulose<\/div><\/div>                                        <\/div>          <\/div>        <\/div>                        <\/a>              <\/div>            <div class=\"bwg-item\">        <a class=\"bwg-a  bwg_lightbox\"  data-image-id=\"50\" href=\"https:\/\/www.ruhl-charpente.fr\/wp-content\/uploads\/photo-gallery\/imported_from_media_libray\/isol-cp-2.jpg?bwg=1673264447\" data-elementor-open-lightbox=\"no\">                <div class=\"bwg-item0 \">          <div class=\"bwg-item1 bwg-zoom-effect\">            <div class=\"bwg-item2\">              <img decoding=\"async\" class=\"skip-lazy bwg_standart_thumb_img_0 \"                   data-id=\"50\"                   data-width=\"500\"                   data-height=\"375\"                   data-src=\"https:\/\/www.ruhl-charpente.fr\/wp-content\/uploads\/photo-gallery\/imported_from_media_libray\/thumb\/isol-cp-2.jpg?bwg=1673264447\"                   src=\"https:\/\/www.ruhl-charpente.fr\/wp-content\/uploads\/photo-gallery\/imported_from_media_libray\/thumb\/isol-cp-2.jpg?bwg=1673264447\"                   alt=\"\u00c9pandage (soufflage) ouate de cellulose\"                   title=\"\u00c9pandage (soufflage) ouate de cellulose\" \/>            <\/div>            <div class=\"bwg-zoom-effect-overlay\">              <div class=\"bwg-title1\"><div class=\"bwg-title2\">\u00c9pandage (soufflage) ouate de cellulose<\/div><\/div>                                        <\/div>          <\/div>        <\/div>                        <\/a>              <\/div>            <div class=\"bwg-item\">        <a class=\"bwg-a  bwg_lightbox\"  data-image-id=\"49\" href=\"https:\/\/www.ruhl-charpente.fr\/wp-content\/uploads\/photo-gallery\/imported_from_media_libray\/isol-rampant1.jpg?bwg=1673264447\" data-elementor-open-lightbox=\"no\">                <div class=\"bwg-item0 \">          <div class=\"bwg-item1 bwg-zoom-effect\">            <div class=\"bwg-item2\">              <img decoding=\"async\" class=\"skip-lazy bwg_standart_thumb_img_0 \"                   data-id=\"49\"                   data-width=\"500\"                   data-height=\"375\"                   data-src=\"https:\/\/www.ruhl-charpente.fr\/wp-content\/uploads\/photo-gallery\/imported_from_media_libray\/thumb\/isol-rampant1.jpg?bwg=1673264447\"                   src=\"https:\/\/www.ruhl-charpente.fr\/wp-content\/uploads\/photo-gallery\/imported_from_media_libray\/thumb\/isol-rampant1.jpg?bwg=1673264447\"                   alt=\"Avant isolation de rampants\"                   title=\"Avant isolation de rampants\" \/>            <\/div>            <div class=\"bwg-zoom-effect-overlay\">              <div class=\"bwg-title1\"><div class=\"bwg-title2\">Avant isolation de rampants<\/div><\/div>                                        <\/div>          <\/div>        <\/div>                        <\/a>              <\/div>            <div class=\"bwg-item\">        <a class=\"bwg-a  bwg_lightbox\"  data-image-id=\"48\" href=\"https:\/\/www.ruhl-charpente.fr\/wp-content\/uploads\/photo-gallery\/imported_from_media_libray\/isol-rampant-4.jpg?bwg=1673264447\" data-elementor-open-lightbox=\"no\">                <div class=\"bwg-item0 \">          <div class=\"bwg-item1 bwg-zoom-effect\">            <div class=\"bwg-item2\">              <img decoding=\"async\" class=\"skip-lazy bwg_standart_thumb_img_0 \"                   data-id=\"48\"                   data-width=\"500\"                   data-height=\"375\"                   data-src=\"https:\/\/www.ruhl-charpente.fr\/wp-content\/uploads\/photo-gallery\/imported_from_media_libray\/thumb\/isol-rampant-4.jpg?bwg=1673264447\"                   src=\"https:\/\/www.ruhl-charpente.fr\/wp-content\/uploads\/photo-gallery\/imported_from_media_libray\/thumb\/isol-rampant-4.jpg?bwg=1673264447\"                   alt=\"Frein vapeur hygrovariable proclima intello+\"                   title=\"Frein vapeur hygrovariable proclima intello+\" \/>            <\/div>            <div class=\"bwg-zoom-effect-overlay\">              <div class=\"bwg-title1\"><div class=\"bwg-title2\">Frein vapeur hygrovariable proclima intello+<\/div><\/div>                                        <\/div>          <\/div>        <\/div>                        <\/a>              <\/div>          <\/div>    <style>      \/*pagination styles*\/      #bwg_container1_0 #bwg_container2_0 .tablenav-pages_0 {\t\t\t\ttext-align: center;\t\t\t\tfont-size: 12px;\t\t\t\tfont-family: Ubuntu;\t\t\t\tfont-weight: bold;\t\t\t\tcolor: #666666;\t\t\t\tmargin: 6px 0 4px;\t\t\t\tdisplay: block;      }      @media only screen and (max-width : 320px) {      #bwg_container1_0 #bwg_container2_0 .displaying-num_0 {     \t display: none;      }      }      #bwg_container1_0 #bwg_container2_0 .displaying-num_0 {\t\t\t\tfont-size: 12px;\t\t\t\tfont-family: Ubuntu;\t\t\t\tfont-weight: bold;\t\t\t\tcolor: #666666;\t\t\t\tmargin-right: 10px;\t\t\t\tvertical-align: middle;      }      #bwg_container1_0 #bwg_container2_0 .paging-input_0 {\t\t\t\tfont-size: 12px;\t\t\t\tfont-family: Ubuntu;\t\t\t\tfont-weight: bold;\t\t\t\tcolor: #666666;\t\t\t\tvertical-align: middle;      }      #bwg_container1_0 #bwg_container2_0 .tablenav-pages_0 a.disabled,      #bwg_container1_0 #bwg_container2_0 .tablenav-pages_0 a.disabled:hover,      #bwg_container1_0 #bwg_container2_0 .tablenav-pages_0 a.disabled:focus,\t\t\t#bwg_container1_0 #bwg_container2_0 .tablenav-pages_0 input.bwg_current_page {\t\t\t\tcursor: default;\t\t\t\tcolor: rgba(102, 102, 102, 0.5);      }      #bwg_container1_0 #bwg_container2_0 .tablenav-pages_0 a,      #bwg_container1_0 #bwg_container2_0 .tablenav-pages_0 input.bwg_current_page {\t\t\t\tcursor: pointer;\t\t\t\ttext-align: center;\t\t\t\tfont-size: 12px;\t\t\t\tfont-family: Ubuntu;\t\t\t\tfont-weight: bold;\t\t\t\tcolor: #666666;\t\t\t\ttext-decoration: none;\t\t\t\tpadding: 3px 6px;\t\t\t\tmargin: 0;\t\t\t\tborder-radius: 0;\t\t\t\tborder-style: solid;\t\t\t\tborder-width: 1px;\t\t\t\tborder-color: #E3E3E3;\t\t\t\t\t\t\t\tbackground-color: rgba(255, 255, 255, 1.00);\t\t\t\tbox-shadow: 0;\t\t\t\ttransition: all 0.3s ease 0s;-webkit-transition: all 0.3s ease 0s;      }      <\/style>      <span class=\"bwg_nav_cont_0\">              <div class=\"tablenav-pages_0\">                  <\/div>                <input type=\"hidden\" id=\"page_number_0\" name=\"page_number_0\" value=\"1\" \/>      <script type=\"text\/javascript\">        if( jQuery('.bwg_nav_cont_0').length > 1 ) {          jQuery('.bwg_nav_cont_0').first().remove()        }        function spider_page_0(cur, x, y, load_more) {          if (typeof load_more == \"undefined\") {            var load_more = false;          }          if (jQuery(cur).hasClass('disabled')) {            return false;          }          var items_county_0 = 1;          switch (y) {            case 1:              if (x >= items_county_0) {                document.getElementById('page_number_0').value = items_county_0;              }              else {                document.getElementById('page_number_0').value = x + 1;              }              break;            case 2:              document.getElementById('page_number_0').value = items_county_0;              break;            case -1:              if (x == 1) {                document.getElementById('page_number_0').value = 1;              }              else {                document.getElementById('page_number_0').value = x - 1;              }              break;            case -2:              document.getElementById('page_number_0').value = 1;              break;\t\t\t\t\t\tcase 0:              document.getElementById('page_number_0').value = x;              break;            default:              document.getElementById('page_number_0').value = 1;          }          bwg_ajax('gal_front_form_0', '0', 'bwg_thumbnails_0', '0', '', 'gallery', 0, '', '', load_more, '', 1);        }                    jQuery('.first-page-0').on('click', function () {              spider_page_0(this, 1, -2, 'numeric');              return false;            });            jQuery('.prev-page-0').on('click', function () {              spider_page_0(this, 1, -1, 'numeric');              return false;            });            jQuery('.next-page-0').on('click', function () {              spider_page_0(this, 1, 1, 'numeric');              return false;            });            jQuery('.last-page-0').on('click', function () {              spider_page_0(this, 1, 2, 'numeric');              return false;            });        \t\t\t\t\/* Change page on input enter. *\/        function bwg_change_page_0( e, that ) {          if (  e.key == 'Enter' ) {            var to_page = parseInt(jQuery(that).val());            var pages_count = jQuery(that).parents(\".pagination-links\").data(\"pages-count\");            var current_url_param = jQuery(that).attr('data-url-info');            if (to_page > pages_count) {              to_page = 1;            }\t \t\t\t\t\t\t\t\t\t\t\t\tspider_page_0(this, to_page, 0, 'numeric');\t\t\t\t\t\t\treturn false;\t\t\t\t\t\t          }          return true;        }        jQuery('.bwg_load_btn_0').on('click', function () {            spider_page_0(this, 1, 1, true);            return false;        });      <\/script>      <\/span>                <\/div>        <\/form>        <style>          #bwg_container1_0 #bwg_container2_0 #spider_popup_overlay_0 {          background-color: #EEEEEE;          opacity: 0.60;          }          <\/style>        <div id=\"bwg_spider_popup_loading_0\" class=\"bwg_spider_popup_loading\"><\/div>        <div id=\"spider_popup_overlay_0\" class=\"spider_popup_overlay\" onclick=\"spider_destroypopup(1000)\"><\/div>        <input type=\"hidden\" id=\"bwg_random_seed_0\" value=\"1609422183\">                <\/div>    <\/div>    <script>      if (document.readyState === 'complete') {        if( typeof bwg_main_ready == 'function' ) {          if ( jQuery(\"#bwg_container1_0\").height() ) {            bwg_main_ready(jQuery(\"#bwg_container1_0\"));          }        }      } else {        document.addEventListener('DOMContentLoaded', function() {          if( typeof bwg_main_ready == 'function' ) {            if ( jQuery(\"#bwg_container1_0\").height() ) {             bwg_main_ready(jQuery(\"#bwg_container1_0\"));            }          }        });      }    <\/script>    \n\n\n\n<p><\/p>\n","protected":false},"excerpt":{"rendered":"<p>Isolation Les bouleversements que conna\u00eet notre climat, nous imposent de prendre des mesure afin de r\u00e9duire notre empreinte environnementale. L\u2019\u00e9nergie consomm\u00e9e par les b\u00e2timents en France, repr\u00e9sente 44\u00a0% de la consommation d\u2019\u00e9nergie globale (source\u00a0: https:\/\/www.ademe.fr\/les-defis-de-la-transition\/batiments\/) C\u2019est pourquoi l\u2019isolation est un enjeu majeur pour r\u00e9duire les consommations d\u2019\u00e9nergie li\u00e9es au chauffage et \u00e0 la climatisation. Cependant, &hellip; <\/p>\n<p class=\"link-more\"><a href=\"https:\/\/www.ruhl-charpente.fr\/?page_id=73\" class=\"more-link\">Continuer la lecture<span class=\"screen-reader-text\"> de &laquo;&nbsp;Isolation&nbsp;&raquo;<\/span><\/a><\/p>\n","protected":false},"author":1,"featured_media":0,"parent":0,"menu_order":0,"comment_status":"closed","ping_status":"closed","template":"","meta":{"footnotes":""},"_links":{"self":[{"href":"https:\/\/www.ruhl-charpente.fr\/index.php?rest_route=\/wp\/v2\/pages\/73"}],"collection":[{"href":"https:\/\/www.ruhl-charpente.fr\/index.php?rest_route=\/wp\/v2\/pages"}],"about":[{"href":"https:\/\/www.ruhl-charpente.fr\/index.php?rest_route=\/wp\/v2\/types\/page"}],"author":[{"embeddable":true,"href":"https:\/\/www.ruhl-charpente.fr\/index.php?rest_route=\/wp\/v2\/users\/1"}],"replies":[{"embeddable":true,"href":"https:\/\/www.ruhl-charpente.fr\/index.php?rest_route=%2Fwp%2Fv2%2Fcomments&post=73"}],"version-history":[{"count":25,"href":"https:\/\/www.ruhl-charpente.fr\/index.php?rest_route=\/wp\/v2\/pages\/73\/revisions"}],"predecessor-version":[{"id":669,"href":"https:\/\/www.ruhl-charpente.fr\/index.php?rest_route=\/wp\/v2\/pages\/73\/revisions\/669"}],"wp:attachment":[{"href":"https:\/\/www.ruhl-charpente.fr\/index.php?rest_route=%2Fwp%2Fv2%2Fmedia&parent=73"}],"curies":[{"name":"wp","href":"https:\/\/api.w.org\/{rel}","templated":true}]}}